{"id":567,"date":"2015-05-24T23:47:13","date_gmt":"2015-05-24T21:47:13","guid":{"rendered":"http:\/\/www.rotweisskassel.de\/verein\/?page_id=567"},"modified":"2015-05-24T23:47:13","modified_gmt":"2015-05-24T21:47:13","slug":"karate-lehrgang-mit-den-landestrainern-2015","status":"publish","type":"page","link":"https:\/\/www.rotweisskassel.de\/verein\/aktuelles\/fotos-und-berichte\/karate-lehrgang-mit-den-landestrainern-2015\/","title":{"rendered":"Karate Lehrgang mit den Landestrainern 2015"},"content":{"rendered":"<p>Die beiden Karate Landestrainer Kata <strong>Thorsten Steiner<\/strong> (3. Dan) und <strong>Patrick Schrod<\/strong> (2. Dan) waren am Pfingstsamstag\u00a0bei uns in Kassel Waldau\u00a0und boten ein hochklassiges Training. Mit Kyu Pr\u00fcfung, Kids Spezial und Trainerfortbildung war der Tag viel zu schnell vorbei. F\u00fcr die vielen G\u00e4ste aus ganz Hessen, und dar\u00fcber hinaus, ein gelungener Trainingstag.<\/p>\n<p>Hier gibt es zwei\u00a0Bildergalerien (mit jeweils mehreren Seiten voller Fotos)<\/p>\nngg_shortcode_0_placeholder\nngg_shortcode_1_placeholder\n<p>Unseren G\u00e4sten scheint es gefallen zu haben. Vielen Dank f\u00fcr die positiven Feedbacks.<\/p>\n","protected":false},"excerpt":{"rendered":"<div class=\"mh-excerpt\"><p>Die beiden Karate Landestrainer Kata Thorsten Steiner (3. Dan) und Patrick Schrod (2. Dan) waren am Pfingstsamstag\u00a0bei uns in Kassel Waldau\u00a0und boten ein hochklassiges Training. <a class=\"mh-excerpt-more\" href=\"https:\/\/www.rotweisskassel.de\/verein\/aktuelles\/fotos-und-berichte\/karate-lehrgang-mit-den-landestrainern-2015\/\" title=\"Karate Lehrgang mit den Landestrainern 2015\">[&#8230;]<\/a><\/p>\n<\/div>","protected":false},"author":4,"featured_media":0,"parent":374,"menu_order":0,"comment_status":"closed","ping_status":"open","template":"","meta":{"ngg_post_thumbnail":0,"footnotes":""},"class_list":["post-567","page","type-page","status-publish","hentry"],"_links":{"self":[{"href":"https:\/\/www.rotweisskassel.de\/verein\/wp-json\/wp\/v2\/pages\/567","targetHints":{"allow":["GET"]}}],"collection":[{"href":"https:\/\/www.rotweisskassel.de\/verein\/wp-json\/wp\/v2\/pages"}],"about":[{"href":"https:\/\/www.rotweisskassel.de\/verein\/wp-json\/wp\/v2\/types\/page"}],"author":[{"embeddable":true,"href":"https:\/\/www.rotweisskassel.de\/verein\/wp-json\/wp\/v2\/users\/4"}],"replies":[{"embeddable":true,"href":"https:\/\/www.rotweisskassel.de\/verein\/wp-json\/wp\/v2\/comments?post=567"}],"version-history":[{"count":6,"href":"https:\/\/www.rotweisskassel.de\/verein\/wp-json\/wp\/v2\/pages\/567\/revisions"}],"predecessor-version":[{"id":678,"href":"https:\/\/www.rotweisskassel.de\/verein\/wp-json\/wp\/v2\/pages\/567\/revisions\/678"}],"up":[{"embeddable":true,"href":"https:\/\/www.rotweisskassel.de\/verein\/wp-json\/wp\/v2\/pages\/374"}],"wp:attachment":[{"href":"https:\/\/www.rotweisskassel.de\/verein\/wp-json\/wp\/v2\/media?parent=567"}],"curies":[{"name":"wp","href":"https:\/\/api.w.org\/{rel}","templated":true}]}}